{"id":4903,"date":"2025-09-22T20:51:21","date_gmt":"2025-09-22T18:51:21","guid":{"rendered":"https:\/\/pacher-pruebas.com\/?post_type=product&#038;p=4903"},"modified":"2025-09-22T20:54:40","modified_gmt":"2025-09-22T18:54:40","slug":"cumpleanos-inigual-lunes-a-viernes-6-a-8-pm","status":"publish","type":"product","link":"https:\/\/inigual.es\/en\/product\/cumpleanos-inigual-lunes-a-viernes-6-a-8-pm\/","title":{"rendered":"Cumplea\u00f1os Inigual<br> Lunes a Viernes 6 a 8 pm"},"content":{"rendered":"","protected":false},"excerpt":{"rendered":"<p>Si est\u00e1s buscando organizar una fiesta infantil diferente, elige los cumplea\u00f1os Inigual.<br \/>\nPodr\u00e1n vivir una experiencia \u00fanica preparando ya sea tartas, cupcakes o galletas de forma divertida.<\/p>","protected":false},"featured_media":4904,"comment_status":"closed","ping_status":"closed","template":"","meta":{"_acf_changed":false},"product_brand":[],"product_cat":[43,45],"product_tag":[],"class_list":{"0":"post-4903","1":"product","2":"type-product","3":"status-publish","4":"has-post-thumbnail","6":"product_cat-cumpleanos","7":"product_cat-ninos","9":"first","10":"instock","11":"sold-individually","12":"taxable","13":"shipping-taxable","14":"purchasable","15":"product-type-booking"},"acf":[],"yoast_head":"<!-- This site is optimized with the Yoast SEO plugin v27.2 - https:\/\/yoast.com\/product\/yoast-seo-wordpress\/ -->\n<title>Cumplea\u00f1os Inigual Lunes a Viernes 6 a 8 pm - Inigual | Reposter\u00eda creativa<\/title>\n<meta name=\"robots\" content=\"index, follow, max-snippet:-1, max-image-preview:large, max-video-preview:-1\" \/>\n<link rel=\"canonical\" href=\"https:\/\/inigual.es\/en\/product\/cumpleanos-inigual-lunes-a-viernes-6-a-8-pm\/\" \/>\n<meta property=\"og:locale\" content=\"en_GB\" \/>\n<meta property=\"og:type\" content=\"article\" \/>\n<meta property=\"og:title\" content=\"Cumplea\u00f1os Inigual Lunes a Viernes 6 a 8 pm - Inigual | Reposter\u00eda creativa\" \/>\n<meta property=\"og:description\" content=\"Si est\u00e1s buscando organizar una fiesta infantil diferente, elige los cumplea\u00f1os Inigual. Podr\u00e1n vivir una experiencia \u00fanica preparando ya sea tartas, cupcakes o galletas de forma divertida.\" \/>\n<meta property=\"og:url\" content=\"https:\/\/inigual.es\/en\/product\/cumpleanos-inigual-lunes-a-viernes-6-a-8-pm\/\" \/>\n<meta property=\"og:site_name\" content=\"Inigual | Reposter\u00eda creativa\" \/>\n<meta property=\"article:publisher\" content=\"https:\/\/www.facebook.com\/Inigual-700262766834423\" \/>\n<meta property=\"article:modified_time\" content=\"2025-09-22T18:54:40+00:00\" \/>\n<meta property=\"og:image\" content=\"https:\/\/inigual.es\/wp-content\/uploads\/2025\/09\/cumple-l-v-6-8.webp\" \/>\n\t<meta property=\"og:image:width\" content=\"1080\" \/>\n\t<meta property=\"og:image:height\" content=\"1080\" \/>\n\t<meta property=\"og:image:type\" content=\"image\/webp\" \/>\n<meta name=\"twitter:card\" content=\"summary_large_image\" \/>\n<script type=\"application\/ld+json\" class=\"yoast-schema-graph\">{\"@context\":\"https:\/\/schema.org\",\"@graph\":[{\"@type\":\"WebPage\",\"@id\":\"https:\/\/inigual.es\/producto\/cumpleanos-inigual-lunes-a-viernes-6-a-8-pm\/\",\"url\":\"https:\/\/inigual.es\/producto\/cumpleanos-inigual-lunes-a-viernes-6-a-8-pm\/\",\"name\":\"Cumplea\u00f1os Inigual Lunes a Viernes 6 a 8 pm - Inigual | Reposter\u00eda creativa\",\"isPartOf\":{\"@id\":\"https:\/\/inigual.es\/#website\"},\"primaryImageOfPage\":{\"@id\":\"https:\/\/inigual.es\/producto\/cumpleanos-inigual-lunes-a-viernes-6-a-8-pm\/#primaryimage\"},\"image\":{\"@id\":\"https:\/\/inigual.es\/producto\/cumpleanos-inigual-lunes-a-viernes-6-a-8-pm\/#primaryimage\"},\"thumbnailUrl\":\"https:\/\/inigual.es\/wp-content\/uploads\/2025\/09\/cumple-l-v-6-8.webp\",\"datePublished\":\"2025-09-22T18:51:21+00:00\",\"dateModified\":\"2025-09-22T18:54:40+00:00\",\"breadcrumb\":{\"@id\":\"https:\/\/inigual.es\/producto\/cumpleanos-inigual-lunes-a-viernes-6-a-8-pm\/#breadcrumb\"},\"inLanguage\":\"en-GB\",\"potentialAction\":[{\"@type\":\"ReadAction\",\"target\":[\"https:\/\/inigual.es\/producto\/cumpleanos-inigual-lunes-a-viernes-6-a-8-pm\/\"]}]},{\"@type\":\"ImageObject\",\"inLanguage\":\"en-GB\",\"@id\":\"https:\/\/inigual.es\/producto\/cumpleanos-inigual-lunes-a-viernes-6-a-8-pm\/#primaryimage\",\"url\":\"https:\/\/inigual.es\/wp-content\/uploads\/2025\/09\/cumple-l-v-6-8.webp\",\"contentUrl\":\"https:\/\/inigual.es\/wp-content\/uploads\/2025\/09\/cumple-l-v-6-8.webp\",\"width\":1080,\"height\":1080},{\"@type\":\"BreadcrumbList\",\"@id\":\"https:\/\/inigual.es\/producto\/cumpleanos-inigual-lunes-a-viernes-6-a-8-pm\/#breadcrumb\",\"itemListElement\":[{\"@type\":\"ListItem\",\"position\":1,\"name\":\"Portada\",\"item\":\"https:\/\/inigual.es\/\"},{\"@type\":\"ListItem\",\"position\":2,\"name\":\"Tienda\",\"item\":\"https:\/\/inigual.es\/tienda\/\"},{\"@type\":\"ListItem\",\"position\":3,\"name\":\"Cumplea\u00f1os Inigual Lunes a Viernes 6 a 8 pm\"}]},{\"@type\":\"WebSite\",\"@id\":\"https:\/\/inigual.es\/#website\",\"url\":\"https:\/\/inigual.es\/\",\"name\":\"Inigual | Reposter\u00eda creativa\",\"description\":\"Hacemos de la reposter\u00eda creativa un estilo de vida. Nos especializamos en crear dulces y emociones. Obrador tradicional con un toque Inigual.\",\"publisher\":{\"@id\":\"https:\/\/inigual.es\/#organization\"},\"potentialAction\":[{\"@type\":\"SearchAction\",\"target\":{\"@type\":\"EntryPoint\",\"urlTemplate\":\"https:\/\/inigual.es\/?s={search_term_string}\"},\"query-input\":{\"@type\":\"PropertyValueSpecification\",\"valueRequired\":true,\"valueName\":\"search_term_string\"}}],\"inLanguage\":\"en-GB\"},{\"@type\":\"Organization\",\"@id\":\"https:\/\/inigual.es\/#organization\",\"name\":\"Inigual | Reposter\u00eda creativa\",\"url\":\"https:\/\/inigual.es\/\",\"logo\":{\"@type\":\"ImageObject\",\"inLanguage\":\"en-GB\",\"@id\":\"https:\/\/inigual.es\/#\/schema\/logo\/image\/\",\"url\":\"https:\/\/pacher-pruebas.com\/wp-content\/uploads\/2025\/09\/logo-inigual-perfil.png\",\"contentUrl\":\"https:\/\/pacher-pruebas.com\/wp-content\/uploads\/2025\/09\/logo-inigual-perfil.png\",\"width\":500,\"height\":500,\"caption\":\"Inigual | Reposter\u00eda creativa\"},\"image\":{\"@id\":\"https:\/\/inigual.es\/#\/schema\/logo\/image\/\"},\"sameAs\":[\"https:\/\/www.facebook.com\/Inigual-700262766834423\",\"https:\/\/www.instagram.com\/inigualciudadreal\"]}]}<\/script>\n<!-- \/ Yoast SEO plugin. -->","yoast_head_json":{"title":"Cumplea\u00f1os Inigual Lunes a Viernes 6 a 8 pm - Inigual | Reposter\u00eda creativa","robots":{"index":"index","follow":"follow","max-snippet":"max-snippet:-1","max-image-preview":"max-image-preview:large","max-video-preview":"max-video-preview:-1"},"canonical":"https:\/\/inigual.es\/en\/product\/cumpleanos-inigual-lunes-a-viernes-6-a-8-pm\/","og_locale":"en_GB","og_type":"article","og_title":"Cumplea\u00f1os Inigual Lunes a Viernes 6 a 8 pm - Inigual | Reposter\u00eda creativa","og_description":"Si est\u00e1s buscando organizar una fiesta infantil diferente, elige los cumplea\u00f1os Inigual. Podr\u00e1n vivir una experiencia \u00fanica preparando ya sea tartas, cupcakes o galletas de forma divertida.","og_url":"https:\/\/inigual.es\/en\/product\/cumpleanos-inigual-lunes-a-viernes-6-a-8-pm\/","og_site_name":"Inigual | Reposter\u00eda creativa","article_publisher":"https:\/\/www.facebook.com\/Inigual-700262766834423","article_modified_time":"2025-09-22T18:54:40+00:00","og_image":[{"width":1080,"height":1080,"url":"https:\/\/inigual.es\/wp-content\/uploads\/2025\/09\/cumple-l-v-6-8.webp","type":"image\/webp"}],"twitter_card":"summary_large_image","schema":{"@context":"https:\/\/schema.org","@graph":[{"@type":"WebPage","@id":"https:\/\/inigual.es\/producto\/cumpleanos-inigual-lunes-a-viernes-6-a-8-pm\/","url":"https:\/\/inigual.es\/producto\/cumpleanos-inigual-lunes-a-viernes-6-a-8-pm\/","name":"Cumplea\u00f1os Inigual Lunes a Viernes 6 a 8 pm - Inigual | Reposter\u00eda creativa","isPartOf":{"@id":"https:\/\/inigual.es\/#website"},"primaryImageOfPage":{"@id":"https:\/\/inigual.es\/producto\/cumpleanos-inigual-lunes-a-viernes-6-a-8-pm\/#primaryimage"},"image":{"@id":"https:\/\/inigual.es\/producto\/cumpleanos-inigual-lunes-a-viernes-6-a-8-pm\/#primaryimage"},"thumbnailUrl":"https:\/\/inigual.es\/wp-content\/uploads\/2025\/09\/cumple-l-v-6-8.webp","datePublished":"2025-09-22T18:51:21+00:00","dateModified":"2025-09-22T18:54:40+00:00","breadcrumb":{"@id":"https:\/\/inigual.es\/producto\/cumpleanos-inigual-lunes-a-viernes-6-a-8-pm\/#breadcrumb"},"inLanguage":"en-GB","potentialAction":[{"@type":"ReadAction","target":["https:\/\/inigual.es\/producto\/cumpleanos-inigual-lunes-a-viernes-6-a-8-pm\/"]}]},{"@type":"ImageObject","inLanguage":"en-GB","@id":"https:\/\/inigual.es\/producto\/cumpleanos-inigual-lunes-a-viernes-6-a-8-pm\/#primaryimage","url":"https:\/\/inigual.es\/wp-content\/uploads\/2025\/09\/cumple-l-v-6-8.webp","contentUrl":"https:\/\/inigual.es\/wp-content\/uploads\/2025\/09\/cumple-l-v-6-8.webp","width":1080,"height":1080},{"@type":"BreadcrumbList","@id":"https:\/\/inigual.es\/producto\/cumpleanos-inigual-lunes-a-viernes-6-a-8-pm\/#breadcrumb","itemListElement":[{"@type":"ListItem","position":1,"name":"Portada","item":"https:\/\/inigual.es\/"},{"@type":"ListItem","position":2,"name":"Tienda","item":"https:\/\/inigual.es\/tienda\/"},{"@type":"ListItem","position":3,"name":"Cumplea\u00f1os Inigual Lunes a Viernes 6 a 8 pm"}]},{"@type":"WebSite","@id":"https:\/\/inigual.es\/#website","url":"https:\/\/inigual.es\/","name":"Inigual | Reposter\u00eda creativa","description":"Hacemos de la reposter\u00eda creativa un estilo de vida. Nos especializamos en crear dulces y emociones. Obrador tradicional con un toque Inigual.","publisher":{"@id":"https:\/\/inigual.es\/#organization"},"potentialAction":[{"@type":"SearchAction","target":{"@type":"EntryPoint","urlTemplate":"https:\/\/inigual.es\/?s={search_term_string}"},"query-input":{"@type":"PropertyValueSpecification","valueRequired":true,"valueName":"search_term_string"}}],"inLanguage":"en-GB"},{"@type":"Organization","@id":"https:\/\/inigual.es\/#organization","name":"Inigual | Reposter\u00eda creativa","url":"https:\/\/inigual.es\/","logo":{"@type":"ImageObject","inLanguage":"en-GB","@id":"https:\/\/inigual.es\/#\/schema\/logo\/image\/","url":"https:\/\/pacher-pruebas.com\/wp-content\/uploads\/2025\/09\/logo-inigual-perfil.png","contentUrl":"https:\/\/pacher-pruebas.com\/wp-content\/uploads\/2025\/09\/logo-inigual-perfil.png","width":500,"height":500,"caption":"Inigual | Reposter\u00eda creativa"},"image":{"@id":"https:\/\/inigual.es\/#\/schema\/logo\/image\/"},"sameAs":["https:\/\/www.facebook.com\/Inigual-700262766834423","https:\/\/www.instagram.com\/inigualciudadreal"]}]}},"_links":{"self":[{"href":"https:\/\/inigual.es\/en\/wp-json\/wp\/v2\/product\/4903","targetHints":{"allow":["GET"]}}],"collection":[{"href":"https:\/\/inigual.es\/en\/wp-json\/wp\/v2\/product"}],"about":[{"href":"https:\/\/inigual.es\/en\/wp-json\/wp\/v2\/types\/product"}],"replies":[{"embeddable":true,"href":"https:\/\/inigual.es\/en\/wp-json\/wp\/v2\/comments?post=4903"}],"wp:featuredmedia":[{"embeddable":true,"href":"https:\/\/inigual.es\/en\/wp-json\/wp\/v2\/media\/4904"}],"wp:attachment":[{"href":"https:\/\/inigual.es\/en\/wp-json\/wp\/v2\/media?parent=4903"}],"wp:term":[{"taxonomy":"product_brand","embeddable":true,"href":"https:\/\/inigual.es\/en\/wp-json\/wp\/v2\/product_brand?post=4903"},{"taxonomy":"product_cat","embeddable":true,"href":"https:\/\/inigual.es\/en\/wp-json\/wp\/v2\/product_cat?post=4903"},{"taxonomy":"product_tag","embeddable":true,"href":"https:\/\/inigual.es\/en\/wp-json\/wp\/v2\/product_tag?post=4903"}],"curies":[{"name":"wp","href":"https:\/\/api.w.org\/{rel}","templated":true}]}}